{"id":608,"date":"2024-11-21T19:15:03","date_gmt":"2024-11-21T19:15:03","guid":{"rendered":"https:\/\/riar.corape.org.ec\/?page_id=608"},"modified":"2025-04-09T17:43:20","modified_gmt":"2025-04-09T17:43:20","slug":"reportajes-escritos-inicio","status":"publish","type":"page","link":"https:\/\/riar.corape.org.ec\/index.php\/reportajes-escritos-inicio\/","title":{"rendered":"Reportajes Escritos 1"},"content":{"rendered":"<p>[et_pb_section fb_built=\u00bb1&#8243; _builder_version=\u00bb4.25.0&#8243; _module_preset=\u00bbdefault\u00bb background_color=\u00bb#009a39&#8243; height=\u00bb15px\u00bb max_height=\u00bb15px\u00bb custom_padding=\u00bb0px||0px|||\u00bb global_colors_info=\u00bb{}\u00bb][\/et_pb_section][et_pb_section fb_built=\u00bb1&#8243; _builder_version=\u00bb4.25.0&#8243; _module_preset=\u00bbdefault\u00bb background_color=\u00bb#333333&#8243; custom_padding=\u00bb0px||4px|||\u00bb global_colors_info=\u00bb{}\u00bb][et_pb_row _builder_version=\u00bb4.25.0&#8243; _module_preset=\u00bbdefault\u00bb custom_padding=\u00bb74px||0px|||\u00bb global_colors_info=\u00bb{}\u00bb][et_pb_column type=\u00bb4_4&#8243; _builder_version=\u00bb4.25.0&#8243; _module_preset=\u00bbdefault\u00bb global_colors_info=\u00bb{}\u00bb][et_pb_heading title=\u00bbReportajes Escritos\u00bb _builder_version=\u00bb4.25.0&#8243; _module_preset=\u00bbdefault\u00bb title_font=\u00bb|700|||||||\u00bb title_text_align=\u00bbcenter\u00bb title_text_color=\u00bb#FFFFFF\u00bb title_font_size=\u00bb47px\u00bb custom_margin=\u00bb-11px||14px|||\u00bb custom_padding=\u00bb||13px|||\u00bb custom_padding_tablet=\u00bb||31px|||\u00bb custom_padding_phone=\u00bb40px||||false|false\u00bb custom_padding_last_edited=\u00bbon|phone\u00bb global_colors_info=\u00bb{}\u00bb][\/et_pb_heading][et_pb_text _builder_version=\u00bb4.25.0&#8243; _module_preset=\u00bbdefault\u00bb text_text_color=\u00bb#FFFFFF\u00bb hover_enabled=\u00bb0&#8243; sticky_enabled=\u00bb0&#8243; text_orientation=\u00bbcenter\u00bb]<\/p>\n<p>Este reportaje se desarroll\u00f3 en el marco del proyecto \u00abPeriodismo y protecci\u00f3n de la Amazon\u00eda\u00bb, con el apoyo de DW Akademie y promovido por el Ministerio Federal de Cooperaci\u00f3n Econ\u00f3mica y Desarrollo. El contenido de la publicaci\u00f3n es responsabilidad de su autor y no necesariamente refleja las opiniones\u00a0de\u00a0DW\u00a0Akademie.<\/p>\n<p>[\/et_pb_text][\/et_pb_column][\/et_pb_row][\/et_pb_section][et_pb_section fb_built=\u00bb1&#8243; _builder_version=\u00bb4.25.0&#8243; _module_preset=\u00bbdefault\u00bb background_color=\u00bb#333333&#8243; custom_margin=\u00bb-10px|||||\u00bb custom_padding=\u00bb7px||119px|||\u00bb global_colors_info=\u00bb{}\u00bb][et_pb_row column_structure=\u00bb1_3,1_3,1_3&#8243; _builder_version=\u00bb4.25.0&#8243; _module_preset=\u00bbdefault\u00bb custom_padding=\u00bb40px||14px||false|false\u00bb locked=\u00bboff\u00bb global_colors_info=\u00bb{}\u00bb][et_pb_column type=\u00bb1_3&#8243; _builder_version=\u00bb4.25.0&#8243; _module_preset=\u00bbdefault\u00bb global_colors_info=\u00bb{}\u00bb][\/et_pb_column][et_pb_column type=\u00bb1_3&#8243; _builder_version=\u00bb4.25.0&#8243; _module_preset=\u00bbdefault\u00bb global_colors_info=\u00bb{}\u00bb][et_pb_text _builder_version=\u00bb4.25.0&#8243; _module_preset=\u00bbdefault\u00bb background_color=\u00bb#009a39&#8243; custom_margin=\u00bb||1px|||\u00bb custom_padding=\u00bb25px|25px|25px|25px|true|true\u00bb inline_fonts=\u00bbAbel\u00bb global_colors_info=\u00bb{}\u00bb]<\/p>\n<h2 style=\"text-align: justify;\"><span style=\"font-family: Abel; font-weight: normal; color: #ffffff;\"><strong>De aguas ancestrales a contaminadas: un llamado por el futuro del r\u00edo Puyo<\/strong><\/span><\/h2>\n<h2 style=\"text-align: justify;\"><\/h2>\n<p style=\"text-align: justify;\"><span style=\"color: #ffffff;\">Por: Andr\u00e9s Tapia y Brian Garc\u00e9s<\/span><br \/><span style=\"color: #ffffff;\">Lanceros Digitales @LancerosDigital \u2013 Pakkiru<\/span><\/p>\n<p style=\"text-align: justify;\"><span style=\"color: #ffffff;\">Las comunidades Kichwas de Pastaza luchan por salvar el r\u00edo Puyo, s\u00edmbolo de vida y cultura, hoy amenazado por la contaminaci\u00f3n y el abandono ambiental.<\/span><\/p>\n<p style=\"text-align: justify;\"><span style=\"color: #ffffff;\"><\/span><\/p>\n<p>[\/et_pb_text][et_pb_text _builder_version=\u00bb4.25.0&#8243; _module_preset=\u00bbdefault\u00bb background_color=\u00bb#FFFFFF\u00bb custom_margin=\u00bb||1px|||\u00bb custom_padding=\u00bb25px|25px|25px|25px|true|true\u00bb link_option_url=\u00bbhttps:\/\/riar.corape.org.ec\/index.php\/reportajes-escritos\/\u00bb inline_fonts=\u00bbAbel\u00bb global_colors_info=\u00bb{}\u00bb]<\/p>\n<p style=\"text-align: center;\"><span style=\"font-family: Abel; font-weight: normal; color: ##5B5B5E;\"><strong>INGRESAR AL REPORTAJE<\/strong><\/span><\/p>\n<p>[\/et_pb_text][\/et_pb_column][et_pb_column type=\u00bb1_3&#8243; _builder_version=\u00bb4.25.0&#8243; _module_preset=\u00bbdefault\u00bb global_colors_info=\u00bb{}\u00bb][\/et_pb_column][\/et_pb_row][\/et_pb_section][et_pb_section fb_built=\u00bb1&#8243; disabled_on=\u00bboff|off|off\u00bb admin_label=\u00bbFooter\u00bb _builder_version=\u00bb4.25.0&#8243; _module_preset=\u00bbdefault\u00bb custom_padding=\u00bb0px||0px||false|false\u00bb saved_tabs=\u00bball\u00bb collapsed=\u00bbon\u00bb global_colors_info=\u00bb{}\u00bb][et_pb_row _builder_version=\u00bb4.25.0&#8243; _module_preset=\u00bbdefault\u00bb background_image=\u00bbhttps:\/\/riar.corape.org.ec\/wp-content\/uploads\/2024\/11\/1-2.jpg\u00bb parallax=\u00bbon\u00bb width=\u00bb100%\u00bb max_width=\u00bbnone\u00bb min_height=\u00bb420px\u00bb height=\u00bb434px\u00bb custom_padding=\u00bb0px||0px||true|false\u00bb global_colors_info=\u00bb{}\u00bb][et_pb_column type=\u00bb4_4&#8243; _builder_version=\u00bb4.23.1&#8243; _module_preset=\u00bbdefault\u00bb global_colors_info=\u00bb{}\u00bb][et_pb_divider show_divider=\u00bboff\u00bb _builder_version=\u00bb4.23.1&#8243; _module_preset=\u00bbdefault\u00bb height=\u00bb12vw\u00bb custom_padding=\u00bb||100px|||\u00bb global_colors_info=\u00bb{}\u00bb][\/et_pb_divider][\/et_pb_column][\/et_pb_row][et_pb_row _builder_version=\u00bb4.22.0&#8243; _module_preset=\u00bbdefault\u00bb background_color=\u00bbgcid-d13dd47d-c04f-4aec-b591-ba88ac7e1568&#8243; width=\u00bb100%\u00bb max_width=\u00bbnone\u00bb custom_padding=\u00bb29px|10%|31px|10%|false|true\u00bb locked=\u00bboff\u00bb global_colors_info=\u00bb{%22gcid-d13dd47d-c04f-4aec-b591-ba88ac7e1568%22:%91%22background_color%22%93}\u00bb][et_pb_column type=\u00bb4_4&#8243; _builder_version=\u00bb4.22.0&#8243; _module_preset=\u00bbdefault\u00bb global_colors_info=\u00bb{}\u00bb][et_pb_image src=\u00bbhttps:\/\/riar.corape.org.ec\/wp-content\/uploads\/2024\/09\/corape-300.png\u00bb title_text=\u00bbcorape-300&#8243; align=\u00bbcenter\u00bb _builder_version=\u00bb4.25.0&#8243; _module_preset=\u00bbdefault\u00bb custom_margin=\u00bb||27px|||\u00bb global_colors_info=\u00bb{}\u00bb][\/et_pb_image][et_pb_text _builder_version=\u00bb4.25.0&#8243; _module_preset=\u00bb2dab158b-d7c9-4c6e-85e3-b4c4a9b921e2&#8243; text_text_color=\u00bbrgba(255,255,255,0.6)\u00bb text_orientation=\u00bbcenter\u00bb custom_margin=\u00bb||0px|||\u00bb global_colors_info=\u00bb{}\u00bb]<\/p>\n<p>Contacto: (02) 290 1355<br \/>Whatsapp: 099 749 41 91<br \/>Valladolid N24-59 y Madrid. Quito &#8211; Ecuador.<\/p>\n<p>[\/et_pb_text][et_pb_text _builder_version=\u00bb4.25.0&#8243; _dynamic_attributes=\u00bbcontent\u00bb _module_preset=\u00bb2dab158b-d7c9-4c6e-85e3-b4c4a9b921e2&#8243; text_text_color=\u00bbrgba(255,255,255,0.6)\u00bb text_orientation=\u00bbcenter\u00bb global_colors_info=\u00bb{}\u00bb]@ET-DC@eyJkeW5hbWljIjp0cnVlLCJjb250ZW50IjoiY3VycmVudF9kYXRlIiwic2V0dGluZ3MiOnsiYmVmb3JlIjoiQ29weXJpZ2h0ICZjb3B5OyAiLCJhZnRlciI6IiBBbGwgUmlnaHRzIFJlc2VydmVkLiIsImRhdGVfZm9ybWF0IjoiY3VzdG9tIiwiY3VzdG9tX2RhdGVfZm9ybWF0IjoiWSJ9fQ==@[\/et_pb_text][\/et_pb_column][\/et_pb_row][\/et_pb_section]<\/p>\n","protected":false},"excerpt":{"rendered":"<p>Este reportaje se desarroll\u00f3 en el marco del proyecto \u00abPeriodismo y protecci\u00f3n de la Amazon\u00eda\u00bb, con el apoyo de DW Akademie y promovido por el Ministerio Federal de Cooperaci\u00f3n Econ\u00f3mica y Desarrollo. El contenido de la publicaci\u00f3n es responsabilidad de su autor y no necesariamente refleja las opiniones\u00a0de\u00a0DW\u00a0Akademie.De aguas ancestrales a contaminadas: un llamado por [&hellip;]<\/p>\n","protected":false},"author":1,"featured_media":0,"parent":0,"menu_order":0,"comment_status":"closed","ping_status":"closed","template":"","meta":{"_et_pb_use_builder":"on","_et_pb_old_content":"","_et_gb_content_width":"795","footnotes":""},"class_list":["post-608","page","type-page","status-publish","hentry"],"_links":{"self":[{"href":"https:\/\/riar.corape.org.ec\/index.php\/wp-json\/wp\/v2\/pages\/608","targetHints":{"allow":["GET"]}}],"collection":[{"href":"https:\/\/riar.corape.org.ec\/index.php\/wp-json\/wp\/v2\/pages"}],"about":[{"href":"https:\/\/riar.corape.org.ec\/index.php\/wp-json\/wp\/v2\/types\/page"}],"author":[{"embeddable":true,"href":"https:\/\/riar.corape.org.ec\/index.php\/wp-json\/wp\/v2\/users\/1"}],"replies":[{"embeddable":true,"href":"https:\/\/riar.corape.org.ec\/index.php\/wp-json\/wp\/v2\/comments?post=608"}],"version-history":[{"count":13,"href":"https:\/\/riar.corape.org.ec\/index.php\/wp-json\/wp\/v2\/pages\/608\/revisions"}],"predecessor-version":[{"id":814,"href":"https:\/\/riar.corape.org.ec\/index.php\/wp-json\/wp\/v2\/pages\/608\/revisions\/814"}],"wp:attachment":[{"href":"https:\/\/riar.corape.org.ec\/index.php\/wp-json\/wp\/v2\/media?parent=608"}],"curies":[{"name":"wp","href":"https:\/\/api.w.org\/{rel}","templated":true}]}}