{"id":604,"date":"2024-11-21T19:09:49","date_gmt":"2024-11-21T19:09:49","guid":{"rendered":"https:\/\/riar.corape.org.ec\/?page_id=604"},"modified":"2024-12-04T15:31:49","modified_gmt":"2024-12-04T15:31:49","slug":"objetivos-riar","status":"publish","type":"page","link":"https:\/\/riar.corape.org.ec\/index.php\/objetivos-riar\/","title":{"rendered":"Objetivos RIAR"},"content":{"rendered":"<p>[et_pb_section fb_built=\u00bb1&#8243; _builder_version=\u00bb4.25.0&#8243; _module_preset=\u00bbdefault\u00bb background_color=\u00bb#009a39&#8243; height=\u00bb15px\u00bb max_height=\u00bb15px\u00bb custom_padding=\u00bb0px||0px|||\u00bb global_colors_info=\u00bb{}\u00bb][et_pb_row _builder_version=\u00bb4.25.0&#8243; _module_preset=\u00bbdefault\u00bb global_colors_info=\u00bb{}\u00bb][et_pb_column type=\u00bb4_4&#8243; _builder_version=\u00bb4.25.0&#8243; _module_preset=\u00bbdefault\u00bb global_colors_info=\u00bb{}\u00bb][\/et_pb_column][\/et_pb_row][\/et_pb_section][et_pb_section fb_built=\u00bb1&#8243; _builder_version=\u00bb4.25.0&#8243; _module_preset=\u00bbdefault\u00bb background_color=\u00bb#333333&#8243; max_height=\u00bb35px\u00bb custom_padding=\u00bb48px||5px|||\u00bb global_colors_info=\u00bb{}\u00bb][\/et_pb_section][et_pb_section fb_built=\u00bb1&#8243; _builder_version=\u00bb4.25.0&#8243; _module_preset=\u00bbdefault\u00bb background_color=\u00bb#333333&#8243; custom_padding=\u00bb8px|||||\u00bb global_colors_info=\u00bb{}\u00bb][et_pb_row _builder_version=\u00bb4.25.0&#8243; _module_preset=\u00bbdefault\u00bb background_enable_color=\u00bboff\u00bb custom_padding=\u00bb14px|0px|14px|0px|true|false\u00bb animation_style=\u00bbslide\u00bb animation_direction=\u00bbbottom\u00bb border_width_all=\u00bb4px\u00bb border_color_all=\u00bbRGBA(255,255,255,0)\u00bb border_style_all=\u00bbdashed\u00bb locked=\u00bboff\u00bb global_colors_info=\u00bb{}\u00bb][et_pb_column type=\u00bb4_4&#8243; _builder_version=\u00bb4.25.0&#8243; _module_preset=\u00bbdefault\u00bb global_colors_info=\u00bb{}\u00bb][et_pb_image src=\u00bbhttps:\/\/riar.corape.org.ec\/wp-content\/uploads\/2024\/09\/nutrition-coaching-2.png\u00bb title_text=\u00bbnutrition-coaching-2&#8243; align=\u00bbcenter\u00bb _builder_version=\u00bb4.25.0&#8243; _module_preset=\u00bbdefault\u00bb max_width=\u00bb64px\u00bb max_height=\u00bb64px\u00bb animation_style=\u00bbslide\u00bb animation_direction=\u00bbbottom\u00bb animation_delay=\u00bb950ms\u00bb global_colors_info=\u00bb{}\u00bb][\/et_pb_image][et_pb_text _builder_version=\u00bb4.25.0&#8243; _module_preset=\u00bb5f218935-edfc-47fc-abc8-453eab056ae0&#8243; text_text_color=\u00bb#FFFFFF\u00bb custom_margin=\u00bb||10px||false|false\u00bb global_colors_info=\u00bb{}\u00bb]<\/p>\n<h2 style=\"text-align: center;\"><span style=\"color: #ffffff; font-size: xx-large;\">Red Intercultural Amaz\u00f3nica de Radios \u2013 RIAR<\/span><\/h2>\n<p>[\/et_pb_text][et_pb_text _builder_version=\u00bb4.25.0&#8243; _module_preset=\u00bbdefault\u00bb text_text_color=\u00bb#FFFFFF\u00bb text_font_size=\u00bb16px\u00bb custom_padding=\u00bb17px||||false|false\u00bb global_colors_info=\u00bb{}\u00bb]<\/p>\n<h3 style=\"text-align: justify;\"><span style=\"color: #ffffff;\">Conoce m\u00e1s informaci\u00f3n sobre la RIAR \u2013 Red Intercultural Amaz\u00f3nica de Radios &#8211; de CORAPE, a trav\u00e9s de la cual se ha logrado articular un espacio con la participaci\u00f3n de medios comunitarios de la Amazon\u00eda, y organizaciones sociales y de Pueblos y Nacionalidades.<\/span><\/h3>\n<p>[\/et_pb_text][\/et_pb_column][\/et_pb_row][et_pb_row _builder_version=\u00bb4.25.0&#8243; _module_preset=\u00bbdefault\u00bb background_enable_color=\u00bboff\u00bb custom_margin=\u00bb|auto|23px|auto||\u00bb custom_padding=\u00bb7px|0px|14px|0px|false|false\u00bb animation_style=\u00bbflip\u00bb global_colors_info=\u00bb{}\u00bb][et_pb_column type=\u00bb4_4&#8243; _builder_version=\u00bb4.25.0&#8243; _module_preset=\u00bbdefault\u00bb global_colors_info=\u00bb{}\u00bb][et_pb_divider show_divider=\u00bboff\u00bb _builder_version=\u00bb4.25.0&#8243; _module_preset=\u00bbdefault\u00bb background_color=\u00bbRGBA(255,255,255,0)\u00bb max_width=\u00bb16%\u00bb module_alignment=\u00bbcenter\u00bb custom_margin=\u00bb||0px|5px|false|false\u00bb global_colors_info=\u00bb{}\u00bb][\/et_pb_divider][et_pb_text content_tablet=\u00bb<\/p>\n<h1 style=%22text-align: justify;%22><span style=%22color: #ffffff;%22><strong><br \/>\nObjetivos<br \/>\n<\/strong> <\/span><\/h1>\n<ul class=%22arrow_list orange%22>\n<li style=%22color: #ffffff; text-align: justify;%22><span style=%22color: #ffffff;%22>Contribuir a la incorporaci\u00f3n de las culturas de la Amazon\u00eda ecuatoriana en los procesos de desarrollo regional y nacional a trav\u00e9s de los medios de comunicaci\u00f3n comunitarios.<\/span><\/li>\n<li style=%22color: #ffffff; text-align: justify;%22><span style=%22color: #ffffff;%22>Reforzar y fortalecer los derechos culturales y la autoestima de las poblaciones aut\u00f3ctonas para que se incorporen en los procesos de desarrollo local y as\u00ed lograr incidencia social.<\/span><\/li>\n<li style=%22color: #ffffff; text-align: justify;%22><span style=%22color: #ffffff;%22>Contribuir al dialogo intercultural y a la participaci\u00f3n ciudadana a trav\u00e9s de la creaci\u00f3n de una red amaz\u00f3nica de radios.<\/span><\/li>\n<\/ul>\n<p>\u00bb content_phone=\u00bb<\/p>\n<h1><span style=%22color: #333333;%22><strong><br \/><span style=%22color: #ffffff;%22>Objetivos<\/span><br \/><\/strong> <\/span><\/h1>\n<ul class=%22arrow_list orange%22>\n<li style=%22color: #ffffff; text-align: justify;%22><span style=%22color: #ffffff;%22>Contribuir a la incorporaci\u00f3n de las culturas de la Amazon\u00eda ecuatoriana en los procesos de desarrollo regional y nacional a trav\u00e9s de los medios de comunicaci\u00f3n comunitarios.<\/span><\/li>\n<li style=%22color: #ffffff; text-align: justify;%22><span style=%22color: #ffffff;%22>Reforzar y fortalecer los derechos culturales y la autoestima de las poblaciones aut\u00f3ctonas para que se incorporen en los procesos de desarrollo local y as\u00ed lograr incidencia social.<\/span><\/li>\n<li style=%22color: #ffffff; text-align: justify;%22><span style=%22color: #ffffff;%22>Contribuir al dialogo intercultural y a la participaci\u00f3n ciudadana a trav\u00e9s de la creaci\u00f3n de una red amaz\u00f3nica de radios.<\/span><\/li>\n<\/ul>\n<p>\u00bb content_last_edited=\u00bbon|phone\u00bb _builder_version=\u00bb4.25.0&#8243; _module_preset=\u00bbdefault\u00bb text_text_color=\u00bb#FFFFFF\u00bb text_font_size=\u00bb21px\u00bb width=\u00bb100%\u00bb custom_padding=\u00bb0px|||||\u00bb global_colors_info=\u00bb{}\u00bb]<\/p>\n<h1 style=\"text-align: justify;\"><span style=\"color: #ffffff;\"><strong><br \/><span style=\"color: #ffffff;\">Objetivos<\/span><br \/><\/strong><span style=\"color: #ffffff;\">\u00a0<\/span><\/span><\/h1>\n<ul class=\"arrow_list orange\">\n<li style=\"color: #ffffff; text-align: justify;\"><span style=\"color: #ffffff;\">Contribuir a la incorporaci\u00f3n de las culturas de la Amazon\u00eda ecuatoriana en los procesos de desarrollo regional y nacional a trav\u00e9s de los medios de comunicaci\u00f3n comunitarios.<\/span><\/li>\n<li style=\"color: #ffffff; text-align: justify;\"><span style=\"color: #ffffff;\">Reforzar y fortalecer los derechos culturales y la autoestima de las poblaciones aut\u00f3ctonas para que se incorporen en los procesos de desarrollo local y as\u00ed lograr incidencia social.<\/span><\/li>\n<li style=\"color: #ffffff; text-align: justify;\"><span style=\"color: #ffffff;\">Contribuir al dialogo intercultural y a la participaci\u00f3n ciudadana a trav\u00e9s de la creaci\u00f3n de una red amaz\u00f3nica de radios.<\/span><\/li>\n<\/ul>\n<p>[\/et_pb_text][\/et_pb_column][\/et_pb_row][\/et_pb_section][et_pb_section fb_built=\u00bb1&#8243; disabled_on=\u00bboff|off|off\u00bb admin_label=\u00bbFooter\u00bb _builder_version=\u00bb4.25.0&#8243; _module_preset=\u00bbdefault\u00bb custom_padding=\u00bb0px||0px||false|false\u00bb saved_tabs=\u00bball\u00bb collapsed=\u00bbon\u00bb global_colors_info=\u00bb{}\u00bb][et_pb_row _builder_version=\u00bb4.25.0&#8243; _module_preset=\u00bbdefault\u00bb background_image=\u00bbhttps:\/\/riar.corape.org.ec\/wp-content\/uploads\/2024\/11\/1-2.jpg\u00bb parallax=\u00bbon\u00bb width=\u00bb100%\u00bb max_width=\u00bbnone\u00bb min_height=\u00bb420px\u00bb height=\u00bb434px\u00bb custom_padding=\u00bb0px||0px||true|false\u00bb hover_enabled=\u00bb0&#8243; global_colors_info=\u00bb{}\u00bb title_text=\u00bb1&#8243; sticky_enabled=\u00bb0&#8243;][et_pb_column type=\u00bb4_4&#8243; _builder_version=\u00bb4.23.1&#8243; _module_preset=\u00bbdefault\u00bb global_colors_info=\u00bb{}\u00bb][et_pb_divider show_divider=\u00bboff\u00bb _builder_version=\u00bb4.23.1&#8243; _module_preset=\u00bbdefault\u00bb height=\u00bb12vw\u00bb custom_padding=\u00bb||100px|||\u00bb global_colors_info=\u00bb{}\u00bb][\/et_pb_divider][\/et_pb_column][\/et_pb_row][et_pb_row _builder_version=\u00bb4.22.0&#8243; _module_preset=\u00bbdefault\u00bb background_color=\u00bbgcid-d13dd47d-c04f-4aec-b591-ba88ac7e1568&#8243; width=\u00bb100%\u00bb max_width=\u00bbnone\u00bb custom_padding=\u00bb29px|10%|31px|10%|false|true\u00bb locked=\u00bboff\u00bb global_colors_info=\u00bb{%22gcid-d13dd47d-c04f-4aec-b591-ba88ac7e1568%22:%91%22background_color%22%93}\u00bb][et_pb_column type=\u00bb4_4&#8243; _builder_version=\u00bb4.22.0&#8243; _module_preset=\u00bbdefault\u00bb global_colors_info=\u00bb{}\u00bb][et_pb_image src=\u00bbhttps:\/\/riar.corape.org.ec\/wp-content\/uploads\/2024\/09\/corape-300.png\u00bb title_text=\u00bbcorape-300&#8243; align=\u00bbcenter\u00bb _builder_version=\u00bb4.25.0&#8243; _module_preset=\u00bbdefault\u00bb custom_margin=\u00bb||27px|||\u00bb global_colors_info=\u00bb{}\u00bb][\/et_pb_image][et_pb_text _builder_version=\u00bb4.25.0&#8243; _module_preset=\u00bb2dab158b-d7c9-4c6e-85e3-b4c4a9b921e2&#8243; text_text_color=\u00bbrgba(255,255,255,0.6)\u00bb text_orientation=\u00bbcenter\u00bb custom_margin=\u00bb||0px|||\u00bb global_colors_info=\u00bb{}\u00bb]<\/p>\n<p>Contacto: (02) 290 1355<br \/>Whatsapp: 099 749 41 91<br \/>Valladolid N24-59 y Madrid. Quito &#8211; Ecuador.<\/p>\n<p>[\/et_pb_text][et_pb_text _builder_version=\u00bb4.25.0&#8243; _dynamic_attributes=\u00bbcontent\u00bb _module_preset=\u00bb2dab158b-d7c9-4c6e-85e3-b4c4a9b921e2&#8243; text_text_color=\u00bbrgba(255,255,255,0.6)\u00bb text_orientation=\u00bbcenter\u00bb global_colors_info=\u00bb{}\u00bb]@ET-DC@eyJkeW5hbWljIjp0cnVlLCJjb250ZW50IjoiY3VycmVudF9kYXRlIiwic2V0dGluZ3MiOnsiYmVmb3JlIjoiQ29weXJpZ2h0ICZjb3B5OyAiLCJhZnRlciI6IiBBbGwgUmlnaHRzIFJlc2VydmVkLiIsImRhdGVfZm9ybWF0IjoiY3VzdG9tIiwiY3VzdG9tX2RhdGVfZm9ybWF0IjoiWSJ9fQ==@[\/et_pb_text][\/et_pb_column][\/et_pb_row][\/et_pb_section]<\/p>\n","protected":false},"excerpt":{"rendered":"<p>Red Intercultural Amaz\u00f3nica de Radios \u2013 RIARConoce m\u00e1s informaci\u00f3n sobre la RIAR \u2013 Red Intercultural Amaz\u00f3nica de Radios &#8211; de CORAPE, a trav\u00e9s de la cual se ha logrado articular un espacio con la participaci\u00f3n de medios comunitarios de la Amazon\u00eda, y organizaciones sociales y de Pueblos y Nacionalidades.Objetivos\u00a0 Contribuir a la incorporaci\u00f3n de las [&hellip;]<\/p>\n","protected":false},"author":1,"featured_media":0,"parent":0,"menu_order":0,"comment_status":"closed","ping_status":"closed","template":"","meta":{"_et_pb_use_builder":"on","_et_pb_old_content":"","_et_gb_content_width":"795","footnotes":""},"class_list":["post-604","page","type-page","status-publish","hentry"],"_links":{"self":[{"href":"https:\/\/riar.corape.org.ec\/index.php\/wp-json\/wp\/v2\/pages\/604","targetHints":{"allow":["GET"]}}],"collection":[{"href":"https:\/\/riar.corape.org.ec\/index.php\/wp-json\/wp\/v2\/pages"}],"about":[{"href":"https:\/\/riar.corape.org.ec\/index.php\/wp-json\/wp\/v2\/types\/page"}],"author":[{"embeddable":true,"href":"https:\/\/riar.corape.org.ec\/index.php\/wp-json\/wp\/v2\/users\/1"}],"replies":[{"embeddable":true,"href":"https:\/\/riar.corape.org.ec\/index.php\/wp-json\/wp\/v2\/comments?post=604"}],"version-history":[{"count":12,"href":"https:\/\/riar.corape.org.ec\/index.php\/wp-json\/wp\/v2\/pages\/604\/revisions"}],"predecessor-version":[{"id":743,"href":"https:\/\/riar.corape.org.ec\/index.php\/wp-json\/wp\/v2\/pages\/604\/revisions\/743"}],"wp:attachment":[{"href":"https:\/\/riar.corape.org.ec\/index.php\/wp-json\/wp\/v2\/media?parent=604"}],"curies":[{"name":"wp","href":"https:\/\/api.w.org\/{rel}","templated":true}]}}