{"id":497,"date":"2024-10-25T03:06:43","date_gmt":"2024-10-25T03:06:43","guid":{"rendered":"https:\/\/riar.corape.org.ec\/?page_id=497"},"modified":"2025-04-14T17:45:52","modified_gmt":"2025-04-14T17:45:52","slug":"reportajes-radiales-riar","status":"publish","type":"page","link":"https:\/\/riar.corape.org.ec\/index.php\/reportajes-radiales-riar\/","title":{"rendered":"Reportajes Radiales"},"content":{"rendered":"<p>[et_pb_section fb_built=\u00bb1&#8243; _builder_version=\u00bb4.25.0&#8243; _module_preset=\u00bbdefault\u00bb background_color=\u00bb#009a39&#8243; height=\u00bb15px\u00bb max_height=\u00bb15px\u00bb custom_padding=\u00bb0px||0px|||\u00bb global_colors_info=\u00bb{}\u00bb][\/et_pb_section][et_pb_section fb_built=\u00bb1&#8243; _builder_version=\u00bb4.25.0&#8243; _module_preset=\u00bbdefault\u00bb background_color=\u00bb#333333&#8243; custom_padding=\u00bb0px||4px|||\u00bb global_colors_info=\u00bb{}\u00bb][et_pb_row _builder_version=\u00bb4.25.0&#8243; _module_preset=\u00bbdefault\u00bb custom_padding=\u00bb74px||0px|||\u00bb global_colors_info=\u00bb{}\u00bb][et_pb_column type=\u00bb4_4&#8243; _builder_version=\u00bb4.25.0&#8243; _module_preset=\u00bbdefault\u00bb global_colors_info=\u00bb{}\u00bb][et_pb_heading title=\u00bbReportajes Radiales\u00bb _builder_version=\u00bb4.25.0&#8243; _module_preset=\u00bbdefault\u00bb title_font=\u00bb|700|||||||\u00bb title_text_align=\u00bbcenter\u00bb title_text_color=\u00bb#FFFFFF\u00bb title_font_size=\u00bb47px\u00bb custom_margin=\u00bb-11px||14px|||\u00bb custom_padding=\u00bb||1px|||\u00bb custom_padding_tablet=\u00bb||31px|||\u00bb custom_padding_phone=\u00bb40px||||false|false\u00bb custom_padding_last_edited=\u00bbon|phone\u00bb global_colors_info=\u00bb{}\u00bb][\/et_pb_heading][et_pb_text _builder_version=\u00bb4.25.0&#8243; _module_preset=\u00bbdefault\u00bb text_text_color=\u00bb#FFFFFF\u00bb text_orientation=\u00bbcenter\u00bb min_height=\u00bb31.6px\u00bb hover_enabled=\u00bb0&#8243; global_colors_info=\u00bb{}\u00bb sticky_enabled=\u00bb0&#8243;]<\/p>\n<p>Estos reportajes se desarrollaron en el marco del proyecto \u00abPeriodismo y protecci\u00f3n de la Amazon\u00eda\u00bb, con el apoyo de DW Akademie y promovido por el Ministerio Federal de Cooperaci\u00f3n Econ\u00f3mica y Desarrollo. El contenido de cada una de las publicaciones es responsabilidad de su autor y no necesariamente refleja las opiniones de DW Akademie.<\/p>\n<p>[\/et_pb_text][et_pb_text _builder_version=\u00bb4.25.0&#8243; _module_preset=\u00bbdefault\u00bb text_text_color=\u00bb#FFFFFF\u00bb text_orientation=\u00bbcenter\u00bb global_colors_info=\u00bb{}\u00bb][\/et_pb_text][\/et_pb_column][\/et_pb_row][\/et_pb_section][et_pb_section fb_built=\u00bb1&#8243; _builder_version=\u00bb4.25.0&#8243; _module_preset=\u00bbdefault\u00bb background_color=\u00bb#333333&#8243; custom_margin=\u00bb-126px|||||\u00bb custom_padding=\u00bb7px||106px|||\u00bb global_colors_info=\u00bb{}\u00bb][et_pb_row column_structure=\u00bb1_3,1_3,1_3&#8243; _builder_version=\u00bb4.25.0&#8243; _module_preset=\u00bbdefault\u00bb custom_padding=\u00bb40px||14px||false|false\u00bb global_colors_info=\u00bb{}\u00bb][et_pb_column type=\u00bb1_3&#8243; _builder_version=\u00bb4.25.0&#8243; _module_preset=\u00bbdefault\u00bb global_colors_info=\u00bb{}\u00bb][et_pb_text _builder_version=\u00bb4.25.0&#8243; _module_preset=\u00bbdefault\u00bb background_color=\u00bb#009a39&#8243; width=\u00bb100%\u00bb custom_margin=\u00bb||1px|||\u00bb custom_padding=\u00bb25px|25px|25px|25px|true|true\u00bb inline_fonts=\u00bbAbel\u00bb global_colors_info=\u00bb{}\u00bb]<\/p>\n<h2 style=\"text-align: justify;\"><span style=\"font-family: Abel; font-weight: normal; color: #ffffff;\"><strong>Impactos de miner\u00eda artesanal y de peque\u00f1a escala en el r\u00edo Napo<\/strong><\/span><\/h2>\n<p style=\"text-align: justify;\"><span style=\"color: #ffffff;\">Conoce sobre los impactos en la salud humana y el medio ambiente que genera la actividad minera artesanal y de peque\u00f1a escala, en la cuenca hidrogr\u00e1fica del r\u00edo Napo y sus afluentes.<\/span><\/p>\n<p style=\"text-align: justify;\"><span style=\"color: #ffffff;\"><\/span><\/p>\n<p style=\"text-align: justify;\"><span style=\"color: #ffffff;\"><\/span><\/p>\n<p style=\"text-align: justify;\"><span style=\"color: #ffffff;\"><\/span><\/p>\n<p style=\"text-align: justify;\"><span style=\"color: #ffffff;\"><\/span><\/p>\n<p style=\"text-align: justify;\"><span style=\"color: #ffffff;\"><\/span><\/p>\n<p style=\"text-align: justify;\"><span style=\"color: #ffffff;\"><\/span><\/p>\n<p style=\"text-align: justify;\"><span style=\"color: #ffffff;\"><\/span><\/p>\n<p style=\"text-align: justify;\"><span style=\"color: #ffffff;\"><\/span><\/p>\n<p style=\"text-align: justify;\"><span style=\"color: #ffffff;\"><\/span><\/p>\n<p style=\"text-align: justify;\"><span style=\"color: #ffffff;\"><\/span><\/p>\n<p style=\"text-align: justify;\"><span style=\"color: #ffffff;\"><\/span><\/p>\n<p>[\/et_pb_text][et_pb_audio audio=\u00bbhttps:\/\/riar.corape.org.ec\/wp-content\/uploads\/2024\/12\/impactosmineriaartesanalpequenaescal-corape-ivoox136569391.mp3&#8243; _builder_version=\u00bb4.25.0&#8243; _module_preset=\u00bbdefault\u00bb background_color=\u00bb#009a39&#8243; custom_margin=\u00bb-10px||||false|false\u00bb custom_padding=\u00bb24px|||||\u00bb link_option_url=\u00bbhttps:\/\/go.ivoox.com\/rf\/136569391&#8243; global_colors_info=\u00bb{}\u00bb][\/et_pb_audio][\/et_pb_column][et_pb_column type=\u00bb1_3&#8243; _builder_version=\u00bb4.25.0&#8243; _module_preset=\u00bbdefault\u00bb global_colors_info=\u00bb{}\u00bb][et_pb_text _builder_version=\u00bb4.25.0&#8243; _module_preset=\u00bbdefault\u00bb background_color=\u00bb#009a39&#8243; custom_margin=\u00bb||1px|||\u00bb custom_padding=\u00bb25px|25px|25px|25px|true|true\u00bb inline_fonts=\u00bbAbel\u00bb global_colors_info=\u00bb{}\u00bb]<\/p>\n<h2 style=\"text-align: justify;\"><span style=\"font-family: Abel; font-weight: normal; color: #ffffff;\"><strong>Afectaciones de miner\u00eda ilegal en r\u00edo Napo<\/strong><\/span><\/h2>\n<p style=\"text-align: justify;\"><span style=\"color: #ffffff;\">En Napo, la miner\u00eda legal e ilegal, han dejado profundas huellas en el ambiente.\u00a0 A continuaci\u00f3n, podr\u00e1s conocer sobre las afectaciones a r\u00edos de la provincia de Napo.<\/span><\/p>\n<p style=\"text-align: justify;\"><span style=\"color: #ffffff;\"><\/span><\/p>\n<p style=\"text-align: justify;\"><span style=\"color: #ffffff;\"><\/span><\/p>\n<p style=\"text-align: justify;\"><span style=\"color: #ffffff;\"><\/span><\/p>\n<p style=\"text-align: justify;\"><span style=\"color: #ffffff;\"><\/span><\/p>\n<p style=\"text-align: justify;\"><span style=\"color: #ffffff;\"><\/span><\/p>\n<p style=\"text-align: justify;\"><span style=\"color: #ffffff;\">\u00a0<\/span><\/p>\n<p style=\"text-align: justify;\">\n<p style=\"text-align: justify;\">\n<p style=\"text-align: justify;\">\n<p style=\"text-align: justify;\"><span style=\"color: #ffffff;\"><\/span><\/p>\n<p style=\"text-align: justify;\"><span style=\"color: #ffffff;\"><\/span><\/p>\n<p style=\"text-align: justify;\">\n<p>[\/et_pb_text][et_pb_audio audio=\u00bbhttps:\/\/riar.corape.org.ec\/wp-content\/uploads\/2024\/12\/afectacionesmineriailegalrionapo-corape-ivoox136570203.mp3&#8243; _builder_version=\u00bb4.25.0&#8243; _module_preset=\u00bbdefault\u00bb background_color=\u00bb#009a39&#8243; custom_margin=\u00bb-8px||||false|false\u00bb custom_padding=\u00bb27px|||||\u00bb global_colors_info=\u00bb{}\u00bb][\/et_pb_audio][\/et_pb_column][et_pb_column type=\u00bb1_3&#8243; _builder_version=\u00bb4.25.0&#8243; _module_preset=\u00bbdefault\u00bb global_colors_info=\u00bb{}\u00bb][et_pb_text _builder_version=\u00bb4.25.0&#8243; _module_preset=\u00bbdefault\u00bb background_color=\u00bb#009a39&#8243; custom_margin=\u00bb||1px|||\u00bb custom_padding=\u00bb25px|25px|25px|25px|true|true\u00bb inline_fonts=\u00bbAbel\u00bb global_colors_info=\u00bb{}\u00bb]<\/p>\n<h2 style=\"text-align: justify;\"><span style=\"font-family: Abel; font-weight: normal; color: #ffffff;\"><strong>R\u00edo Jurumbaino<\/strong><\/span><\/h2>\n<p style=\"text-align: justify;\"><span style=\"color: #f4f4f4;\">Descubre en nuestro reportaje la historia, los desaf\u00edos y las esperanzas que rodean a este ic\u00f3nico afluente de Macas. Desde los recuerdos de quienes lo vieron en su esplendor hasta las medidas necesarias para su recuperaci\u00f3n. Con este relato te invitamos a reflexionar: \u00bfC\u00f3mo podemos devolverle su vida? \u00bfQu\u00e9 podemos hacer como comunidad? No te pierdas esta producci\u00f3n de emisora La Voz del Upano. \u00a1Es momento de actuar juntos!<\/span><\/p>\n<p style=\"text-align: justify;\"><span style=\"color: #ffffff;\"><\/span><\/p>\n<p style=\"text-align: justify;\"><span style=\"color: #ffffff;\"><\/span><\/p>\n<p style=\"text-align: justify;\">\n<p>[\/et_pb_text][et_pb_audio audio=\u00bbhttps:\/\/riar.corape.org.ec\/wp-content\/uploads\/2024\/12\/Reportaje-Rio-Jurumbaino-VUM-1.mp3&#8243; _builder_version=\u00bb4.25.0&#8243; _module_preset=\u00bbdefault\u00bb background_color=\u00bb#009a39&#8243; custom_margin=\u00bb-8px||||false|false\u00bb custom_padding=\u00bb27px|||||\u00bb global_colors_info=\u00bb{}\u00bb][\/et_pb_audio][\/et_pb_column][\/et_pb_row][et_pb_row column_structure=\u00bb1_3,1_3,1_3&#8243; _builder_version=\u00bb4.25.0&#8243; _module_preset=\u00bbdefault\u00bb min_height=\u00bb744.7px\u00bb custom_margin=\u00bb|auto|146px|auto||\u00bb custom_padding=\u00bb40px||14px||false|false\u00bb global_colors_info=\u00bb{}\u00bb][et_pb_column type=\u00bb1_3&#8243; _builder_version=\u00bb4.25.0&#8243; _module_preset=\u00bbdefault\u00bb global_colors_info=\u00bb{}\u00bb][et_pb_text _builder_version=\u00bb4.25.0&#8243; _module_preset=\u00bbdefault\u00bb background_color=\u00bb#009a39&#8243; width=\u00bb100%\u00bb custom_margin=\u00bb||1px|||\u00bb custom_padding=\u00bb25px|25px|25px|25px|true|true\u00bb inline_fonts=\u00bbAbel\u00bb global_colors_info=\u00bb{}\u00bb]<\/p>\n<h2 style=\"text-align: justify;\"><span style=\"color: #ffffff;\"><b>Reportaje R\u00edo Puyo<\/b><\/span><\/h2>\n<p style=\"text-align: justify;\"><span style=\"color: #f2f2f2;\">Las comunidades Kichwas de Pastaza enfrentan la contaminaci\u00f3n del r\u00edo Puyo. Sus aguas son un emblema cultural y fuente de vida. Ahora son amenazadas por el deterioro ambiental y la falta de tratamiento adecuado de residuos.<\/span><\/p>\n<p style=\"text-align: justify;\"><span style=\"color: #ffffff;\"><\/span><\/p>\n<p style=\"text-align: justify;\"><span style=\"color: #ffffff;\"><\/span><\/p>\n<p style=\"text-align: justify;\"><span style=\"color: #ffffff;\"><\/span><\/p>\n<p style=\"text-align: justify;\"><span style=\"color: #ffffff;\"><\/span><\/p>\n<p style=\"text-align: justify;\"><span style=\"color: #ffffff;\"><\/span><\/p>\n<p style=\"text-align: justify;\"><span style=\"color: #ffffff;\"><\/span><\/p>\n<p style=\"text-align: justify;\"><span style=\"color: #ffffff;\"><\/span><\/p>\n<p style=\"text-align: justify;\"><span style=\"color: #ffffff;\"><\/span><\/p>\n<p style=\"text-align: justify;\"><span style=\"color: #ffffff;\"><\/span><\/p>\n<p style=\"text-align: justify;\"><span style=\"color: #ffffff;\"><\/span><\/p>\n<p style=\"text-align: justify;\"><span style=\"color: #ffffff;\"><\/span><\/p>\n<p>[\/et_pb_text][et_pb_audio audio=\u00bbhttps:\/\/riar.corape.org.ec\/wp-content\/uploads\/2024\/11\/12-PODCAST-RIO-PUYO-VALE-1.mp3&#8243; _builder_version=\u00bb4.25.0&#8243; _module_preset=\u00bbdefault\u00bb background_color=\u00bb#009a39&#8243; custom_margin=\u00bb-10px||20px||false|false\u00bb custom_padding=\u00bb24px|||||\u00bb link_option_url=\u00bbhttps:\/\/go.ivoox.com\/rf\/136569391&#8243; global_colors_info=\u00bb{}\u00bb][\/et_pb_audio][\/et_pb_column][et_pb_column type=\u00bb1_3&#8243; _builder_version=\u00bb4.25.0&#8243; _module_preset=\u00bbdefault\u00bb global_colors_info=\u00bb{}\u00bb][\/et_pb_column][et_pb_column type=\u00bb1_3&#8243; _builder_version=\u00bb4.25.0&#8243; _module_preset=\u00bbdefault\u00bb global_colors_info=\u00bb{}\u00bb][\/et_pb_column][\/et_pb_row][et_pb_row _builder_version=\u00bb4.25.0&#8243; _module_preset=\u00bbdefault\u00bb global_colors_info=\u00bb{}\u00bb][et_pb_column type=\u00bb4_4&#8243; _builder_version=\u00bb4.25.0&#8243; _module_preset=\u00bbdefault\u00bb global_colors_info=\u00bb{}\u00bb][\/et_pb_column][\/et_pb_row][\/et_pb_section][et_pb_section fb_built=\u00bb1&#8243; disabled_on=\u00bboff|off|off\u00bb admin_label=\u00bbFooter\u00bb _builder_version=\u00bb4.25.0&#8243; _module_preset=\u00bbdefault\u00bb custom_padding=\u00bb0px||0px||false|false\u00bb saved_tabs=\u00bball\u00bb collapsed=\u00bbon\u00bb global_colors_info=\u00bb{}\u00bb][et_pb_row _builder_version=\u00bb4.25.0&#8243; _module_preset=\u00bbdefault\u00bb background_image=\u00bbhttps:\/\/riar.corape.org.ec\/wp-content\/uploads\/2024\/11\/1-2.jpg\u00bb parallax=\u00bbon\u00bb width=\u00bb100%\u00bb max_width=\u00bbnone\u00bb min_height=\u00bb420px\u00bb height=\u00bb434px\u00bb custom_padding=\u00bb0px||0px||true|false\u00bb global_colors_info=\u00bb{}\u00bb][et_pb_column type=\u00bb4_4&#8243; _builder_version=\u00bb4.23.1&#8243; _module_preset=\u00bbdefault\u00bb global_colors_info=\u00bb{}\u00bb][et_pb_divider show_divider=\u00bboff\u00bb _builder_version=\u00bb4.23.1&#8243; _module_preset=\u00bbdefault\u00bb height=\u00bb12vw\u00bb custom_padding=\u00bb||100px|||\u00bb global_colors_info=\u00bb{}\u00bb][\/et_pb_divider][\/et_pb_column][\/et_pb_row][et_pb_row _builder_version=\u00bb4.22.0&#8243; _module_preset=\u00bbdefault\u00bb background_color=\u00bbgcid-d13dd47d-c04f-4aec-b591-ba88ac7e1568&#8243; width=\u00bb100%\u00bb max_width=\u00bbnone\u00bb custom_padding=\u00bb29px|10%|31px|10%|false|true\u00bb locked=\u00bboff\u00bb global_colors_info=\u00bb{%22gcid-d13dd47d-c04f-4aec-b591-ba88ac7e1568%22:%91%22background_color%22%93}\u00bb][et_pb_column type=\u00bb4_4&#8243; _builder_version=\u00bb4.22.0&#8243; _module_preset=\u00bbdefault\u00bb global_colors_info=\u00bb{}\u00bb][et_pb_image src=\u00bbhttps:\/\/riar.corape.org.ec\/wp-content\/uploads\/2024\/09\/corape-300.png\u00bb title_text=\u00bbcorape-300&#8243; align=\u00bbcenter\u00bb _builder_version=\u00bb4.25.0&#8243; _module_preset=\u00bbdefault\u00bb custom_margin=\u00bb||27px|||\u00bb global_colors_info=\u00bb{}\u00bb][\/et_pb_image][et_pb_text _builder_version=\u00bb4.25.0&#8243; _module_preset=\u00bb2dab158b-d7c9-4c6e-85e3-b4c4a9b921e2&#8243; text_text_color=\u00bbrgba(255,255,255,0.6)\u00bb text_orientation=\u00bbcenter\u00bb custom_margin=\u00bb||0px|||\u00bb global_colors_info=\u00bb{}\u00bb]<\/p>\n<p>Contacto: (02) 290 1355<br \/>Whatsapp: 099 749 41 91<br \/>Valladolid N24-59 y Madrid. Quito &#8211; Ecuador.<\/p>\n<p>[\/et_pb_text][et_pb_text _builder_version=\u00bb4.25.0&#8243; _dynamic_attributes=\u00bbcontent\u00bb _module_preset=\u00bb2dab158b-d7c9-4c6e-85e3-b4c4a9b921e2&#8243; text_text_color=\u00bbrgba(255,255,255,0.6)\u00bb text_orientation=\u00bbcenter\u00bb global_colors_info=\u00bb{}\u00bb]@ET-DC@eyJkeW5hbWljIjp0cnVlLCJjb250ZW50IjoiY3VycmVudF9kYXRlIiwic2V0dGluZ3MiOnsiYmVmb3JlIjoiQ29weXJpZ2h0ICZjb3B5OyAiLCJhZnRlciI6IiBBbGwgUmlnaHRzIFJlc2VydmVkLiIsImRhdGVfZm9ybWF0IjoiY3VzdG9tIiwiY3VzdG9tX2RhdGVfZm9ybWF0IjoiWSJ9fQ==@[\/et_pb_text][\/et_pb_column][\/et_pb_row][\/et_pb_section]<\/p>\n","protected":false},"excerpt":{"rendered":"<p>Estos reportajes se desarrollaron en el marco del proyecto \u00abPeriodismo y protecci\u00f3n de la Amazon\u00eda\u00bb, con el apoyo de DW Akademie y promovido por el Ministerio Federal de Cooperaci\u00f3n Econ\u00f3mica y Desarrollo. El contenido de cada una de las publicaciones es responsabilidad de su autor y no necesariamente refleja las opiniones de DW Akademie.Impactos de [&hellip;]<\/p>\n","protected":false},"author":1,"featured_media":0,"parent":0,"menu_order":0,"comment_status":"closed","ping_status":"closed","template":"","meta":{"_et_pb_use_builder":"on","_et_pb_old_content":"","_et_gb_content_width":"795","footnotes":""},"class_list":["post-497","page","type-page","status-publish","hentry"],"_links":{"self":[{"href":"https:\/\/riar.corape.org.ec\/index.php\/wp-json\/wp\/v2\/pages\/497","targetHints":{"allow":["GET"]}}],"collection":[{"href":"https:\/\/riar.corape.org.ec\/index.php\/wp-json\/wp\/v2\/pages"}],"about":[{"href":"https:\/\/riar.corape.org.ec\/index.php\/wp-json\/wp\/v2\/types\/page"}],"author":[{"embeddable":true,"href":"https:\/\/riar.corape.org.ec\/index.php\/wp-json\/wp\/v2\/users\/1"}],"replies":[{"embeddable":true,"href":"https:\/\/riar.corape.org.ec\/index.php\/wp-json\/wp\/v2\/comments?post=497"}],"version-history":[{"count":27,"href":"https:\/\/riar.corape.org.ec\/index.php\/wp-json\/wp\/v2\/pages\/497\/revisions"}],"predecessor-version":[{"id":818,"href":"https:\/\/riar.corape.org.ec\/index.php\/wp-json\/wp\/v2\/pages\/497\/revisions\/818"}],"wp:attachment":[{"href":"https:\/\/riar.corape.org.ec\/index.php\/wp-json\/wp\/v2\/media?parent=497"}],"curies":[{"name":"wp","href":"https:\/\/api.w.org\/{rel}","templated":true}]}}